{"id":422,"date":"2026-04-26T11:32:53","date_gmt":"2026-04-26T10:32:53","guid":{"rendered":"95d208c1-aaeb-41c9-91dc-3bc87b3cecd1"},"modified":"2026-04-26T11:32:54","modified_gmt":"2026-04-26T10:32:54","slug":"tuwort-spezial-15-marco-gierke-ueber-rechtschreibung","status":"publish","type":"podcast","link":"https:\/\/www.tuwort.com\/index.php\/2026\/04\/26\/tuwort-spezial-15-marco-gierke-ueber-rechtschreibung\/","title":{"rendered":"tuwort spezial #15: Marco Gierke \u00fcber Rechtschreibung"},"content":{"rendered":"\n    \n            <div class=\"podlove-web-player intrinsic-ignore podlove-web-player-loading\" id=\"player-69ef5e5d321ed\"><root data-test=\"player--xl\" style=\"max-width:950px;min-width:260px;\">\n  <div class=\"tablet:px-6 tablet:pt-6 mobile:px-4 mobile:pt-4 flex flex-col\">\n    <div class=\"flex-col items-center mobile:flex tablet:hidden\">\n      <show-title class=\"text-sm\"><\/show-title>\n      <episode-title class=\"text-base mb-2\"><\/episode-title>\n      <subscribe-button class=\"mb-4 mobile:flex tablet:hidden\"><\/subscribe-button>\n      <poster class=\"rounded-sm w-48 shadow overflow-hidden\"><\/poster>\n      <divider class=\"w-full my-6\"><\/divider>\n    <\/div>\n\n    <div class=\"tablet:flex flex-grow\">\n      <div class=\"w-64 mobile:hidden tablet:block tablet:mr-6\">\n        <poster class=\"rounded-sm shadow overflow-hidden\"><\/poster>\n      <\/div>\n      <div class=\"w-full\">\n        <div class=\"hidden tablet:block\">\n          <show-title class=\"text-base\"><\/show-title>\n          <episode-title class=\"text-xl desktop:text-2xl\"><\/episode-title>\n          <divider class=\"w-full my-4\"><\/divider>\n        <\/div>\n        <div class=\"flex items-center justify-between\">\n          <div class=\"block\">\n            <play-state on=\"active\">\n              <speed-control class=\"flex items-center\"><\/speed-control>\n            <\/play-state>\n          <\/div>\n\n          <div class=\"flex\">\n            <play-state on=\"active\">\n              <chapter-previous class=\"mx-2 block\"><\/chapter-previous>\n            <\/play-state>\n            <play-state on=\"active\">\n              <step-backward class=\"mx-2 block\"><\/step-backward>\n            <\/play-state>\n\n            <play-button class=\"mx-2 block\" :label=\"$t('PLAYER.PLAY_EPISODE')\"><\/play-button>\n\n            <play-state on=\"active\">\n              <step-forward class=\"mx-2 block\"><\/step-forward>\n            <\/play-state>\n            <play-state on=\"active\">\n              <chapter-next class=\"mx-2 block\"><\/chapter-next>\n            <\/play-state>\n          <\/div>\n\n          <div class=\"block\">\n            <play-state on=\"active\">\n              <volume-control class=\"flex items-center\"><\/volume-control>\n            <\/play-state>\n          <\/div>\n        <\/div>\n        <div class=\"flex w-full\">\n          <progress-bar><\/progress-bar>\n        <\/div>\n        <div class=\"flex w-full -mt-2\">\n          <div class=\"w-3\/12 text-left\">\n            <timer-current class=\"text-sm\"><\/timer-current>\n          <\/div>\n          <div class=\"w-6\/12 text-center truncate\">\n            <play-state on=\"active\">\n              <current-chapter class=\"text-sm\"><\/current-chapter>\n            <\/play-state>\n          <\/div>\n          <div class=\"w-3\/12 text-right\">\n            <timer-duration class=\"text-sm\"><\/timer-duration>\n          <\/div>\n        <\/div>\n      <\/div>\n    <\/div>\n    <divider class=\"w-full mt-6 mb-3\"><\/divider>\n    <div class=\"flex justify-between\">\n      <div class=\"flex mobile:w-full tablet:w-3\/12 desktop:w-3\/12 justify-between\">\n        <tab-trigger tab=\"chapters\">\n          <icon type=\"chapter\"><\/icon>\n        <\/tab-trigger>\n        <tab-trigger tab=\"transcripts\">\n          <icon type=\"transcripts\"><\/icon>\n        <\/tab-trigger>\n        <tab-trigger tab=\"files\">\n          <icon type=\"download\"><\/icon>\n        <\/tab-trigger>\n        <tab-trigger tab=\"playlist\">\n          <icon type=\"playlist\"><\/icon>\n        <\/tab-trigger>\n        <tab-trigger tab=\"share\">\n          <icon type=\"share\"><\/icon>\n        <\/tab-trigger>\n      <\/div>\n      <subscribe-button class=\"mt-1 mobile:hidden tablet:flex\"><\/subscribe-button>\n    <\/div>\n  <\/div>\n  <div class=\"w-full relative overflow-hidden\">\n    <tab name=\"chapters\">\n      <tab-chapters><\/tab-chapters>\n    <\/tab>\n    <tab name=\"transcripts\">\n      <tab-transcripts><\/tab-transcripts>\n    <\/tab>\n    <tab name=\"files\">\n      <tab-files><\/tab-files>\n    <\/tab>\n    <tab name=\"playlist\">\n      <tab-playlist><\/tab-playlist>\n    <\/tab>\n    <tab name=\"share\">\n      <tab-share><\/tab-share>\n    <\/tab>\n    <tab-overflow><\/tab-overflow>\n  <\/div>\n  <error><\/error>\n<\/root>\n<\/div>\n            <script>\n              document.addEventListener(\"DOMContentLoaded\", function() {\n                var player = document.getElementById(\"player-69ef5e5d321ed\");\n                podlovePlayerCache.add([{\"url\":\"https:\\\/\\\/www.tuwort.com\\\/index.php\\\/wp-json\\\/podlove-web-player\\\/shortcode\\\/publisher\\\/422\",\"data\":{\"version\":5,\"show\":{\"title\":\"tuwort\",\"subtitle\":\"Der Linguistik-Podcast\",\"summary\":\"Im Linguistik-Podcast von Sandra Hansen, Joachim Scharloth und Noah Bubenhofer werden verschiedene Themen zu Sprache und Gesellschaft diskutiert. Wir besprechen regelm\\u00e4\\u00dfig wissenschaftliche Studien aus der Linguistik bzw. der Sprachwissenschaft und verwandten Disziplinen. Dabei zeigen wir, wie mit Sprache in Politik, Kultur und Gesellschaft gehandelt wird.\",\"poster\":\"https:\\\/\\\/www.tuwort.com\\\/podlove\\\/image\\\/68747470733a2f2f7777772e7475776f72742e636f6d2f77702d636f6e74656e742f75706c6f6164732f323032312f31312f7475776f72745f6c6f676f2d312e706e67\\\/500\\\/0\\\/0\\\/tuwort\",\"link\":\"https:\\\/\\\/www.tuwort.com\"},\"title\":\"tuwort spezial #15: Marco Gierke \\u00fcber Rechtschreibung\",\"subtitle\":\"\",\"summary\":\"Marco Gierke, Leiter der Gesch\\u00e4ftsstelle des Rats f\\u00fcr deutsche Rechtschreibung und wissenschaftlicher Mitarbeiter im Projekt \\u201eOrthografieforschung und empirische Schreibbeobachtung\\u201c am IDS im Gespr\\u00e4ch mit Sandra und Noah\",\"publicationDate\":\"2026-04-26T11:32:53+01:00\",\"duration\":\"00:00:00.000\",\"poster\":\"https:\\\/\\\/www.tuwort.com\\\/podlove\\\/image\\\/68747470733a2f2f7777772e7475776f72742e636f6d2f77702d636f6e74656e742f75706c6f6164732f323032312f31312f7475776f72745f6c6f676f2d312e706e67\\\/500\\\/0\\\/0\\\/tuwort\",\"link\":\"https:\\\/\\\/www.tuwort.com\\\/index.php\\\/2026\\\/04\\\/26\\\/tuwort-spezial-15-marco-gierke-ueber-rechtschreibung\\\/\",\"chapters\":[{\"start\":\"00:01:40.807\",\"title\":\"Marco stellt sich vor. Was ist Rechtschreibung?\",\"href\":\"\",\"image\":\"\"},{\"start\":\"00:08:46.102\",\"title\":\"Geschichte der Rechtschreibung\",\"href\":\"\",\"image\":\"\"},{\"start\":\"00:13:02.593\",\"title\":\"Zweifelsf\\u00e4lle und Prinzipien der Rechtschreibung\",\"href\":\"\",\"image\":\"\"},{\"start\":\"00:23:01.510\",\"title\":\"Soziale Aspekte von Rechtschreibung\",\"href\":\"\",\"image\":\"\"},{\"start\":\"00:27:50.800\",\"title\":\"Wie entsteht Rechtschreibung? Wer regelt Rechtschreibung?\",\"href\":\"\",\"image\":\"\"},{\"start\":\"00:50:37.878\",\"title\":\"Gendern\",\"href\":\"\",\"image\":\"\"},{\"start\":\"01:05:22.149\",\"title\":\"Wie entstehen Regeln? Sprachanfragen\",\"href\":\"\",\"image\":\"\"},{\"start\":\"01:15:57.145\",\"title\":\"Zukunft der Rechtschreibung mit KI?\",\"href\":\"\",\"image\":\"\"},{\"start\":\"01:25:02.927\",\"title\":\"Rechtschreibforschung: Anglizismen\",\"href\":\"\",\"image\":\"\"},{\"start\":\"01:39:15.219\",\"title\":\"Rechtschreibung vermitteln: didaktische Perspektive\",\"href\":\"\",\"image\":\"\"},{\"start\":\"01:48:46.791\",\"title\":\"Schluss\",\"href\":\"\",\"image\":\"\"}],\"audio\":[{\"url\":\"https:\\\/\\\/www.tuwort.com\\\/wp-content\\\/podcast\\\/tuwort_spezial_15.mp3\",\"size\":\"133104600\",\"title\":\"MP3 Audio (mp3)\",\"mimeType\":\"audio\\\/mpeg\"}],\"files\":[{\"url\":\"https:\\\/\\\/www.tuwort.com\\\/wp-content\\\/podcast\\\/tuwort_spezial_15.mp3\",\"size\":\"133104600\",\"title\":\"MP3 Audio\",\"mimeType\":\"audio\\\/mpeg\"}]}}, {\"url\":\"https:\\\/\\\/www.tuwort.com\\\/index.php\\\/wp-json\\\/podlove-web-player\\\/shortcode\\\/config\\\/default\\\/theme\\\/default\",\"data\":{\"activeTab\":\"chapters\",\"subscribe-button\":{\"feed\":\"https:\\\/\\\/www.tuwort.com\\\/index.php\\\/feed\\\/mp3\\\/\",\"clients\":[{\"id\":\"overcast\",\"service\":null},{\"id\":\"rss\",\"service\":\"https:\\\/\\\/www.tuwort.com\\\/index.php\\\/feed\\\/mp3\\\/\"},{\"id\":\"apple-podcasts\",\"service\":\"1612952422\"}]},\"share\":{\"channels\":[\"facebook\",\"twitter\",\"whats-app\",\"linkedin\",\"pinterest\",\"xing\",\"mail\",\"link\"],\"outlet\":\"https:\\\/\\\/www.tuwort.com\\\/wp-content\\\/plugins\\\/podlove-web-player\\\/web-player\\\/share.html\",\"sharePlaytime\":true},\"related-episodes\":{\"source\":\"disabled\",\"value\":null},\"version\":5,\"theme\":{\"tokens\":{\"brand\":\"#E64415\",\"brandDark\":\"#FBB03B\",\"brandDarkest\":\"#FB993B\",\"brandLightest\":\"#fff\",\"shadeDark\":\"#807E7C\",\"shadeBase\":\"#807E7C\",\"contrast\":\"#000\",\"alt\":\"#000\"},\"fonts\":{\"ci\":{\"name\":\"ci\",\"family\":[\"-apple-system\",\"BlinkMacSystemFont\",\"Segoe UI\",\"Roboto\",\"Helvetica\",\"Arial\",\"sans-serif\",\"Apple Color Emoji\",\"Segoe UI Emoji\\\", \\\"Segoe UI Symbol\"],\"src\":[],\"weight\":800},\"regular\":{\"name\":\"regular\",\"family\":[\"-apple-system\",\"BlinkMacSystemFont\",\"Segoe UI\",\"Roboto\",\"Helvetica\",\"Arial\",\"sans-serif\",\"Apple Color Emoji\",\"Segoe UI Emoji\\\", \\\"Segoe UI Symbol\"],\"src\":[],\"weight\":300},\"bold\":{\"name\":\"bold\",\"family\":[\"-apple-system\",\"BlinkMacSystemFont\",\"Segoe UI\",\"Roboto\",\"Helvetica\",\"Arial\",\"sans-serif\",\"Apple Color Emoji\",\"Segoe UI Emoji\\\", \\\"Segoe UI Symbol\"],\"src\":[],\"weight\":700}}},\"base\":\"https:\\\/\\\/www.tuwort.com\\\/wp-content\\\/plugins\\\/podlove-web-player\\\/web-player\\\/\"}}]);\n                podlovePlayer(player, \"https:\/\/www.tuwort.com\/index.php\/wp-json\/podlove-web-player\/shortcode\/publisher\/422\", \"https:\/\/www.tuwort.com\/index.php\/wp-json\/podlove-web-player\/shortcode\/config\/default\/theme\/default\").then(function() {\n                  player && player.classList.remove(\"podlove-web-player-loading\");\n                });\n              });\n            <\/script>\n            <style>\n              .podlove-web-player.podlove-web-player-loading {\n                opacity: 0;\n              }\n            <\/style>\n        \n\n\n\n<ul class=\"wp-block-list\">\n<li>Marco Gierke am Leibniz-Institut f\u00fcr Deutsche Sprache (IDS): <a href=\"https:\/\/perso.ids-mannheim.de\/seiten\/gierke.html\">https:\/\/perso.ids-mannheim.de\/seiten\/gierke.html<\/a><\/li>\n\n\n\n<li>Rat f\u00fcr deutsche Rechtschreibung (Homepage):\u00a0<a href=\"https:\/\/www.rechtschreibrat.com\/\">https:\/\/www.rechtschreibrat.com\/<\/a><\/li>\n<\/ul>\n\n\n\n<h2 class=\"wp-block-heading\">Literatur<\/h2>\n\n\n\n<p>Ammon, Ulrich (1995): Die deutsche Sprache in Deutschland, \u00d6sterreich und der Schweiz. Das Problem der nationalen Variet\u00e4ten. Berlin\/New York: de Gruyter.<\/p>\n\n\n\n<p>Diewald, Nils\/Gierke, Marco\/Kupietz, Marc\/L\u00fcngen, Harald (2024): Das Orthografische Kernkorpus (OKK) in DEREKO. Zusammensetzung, Analyse- und Zugriffsm\u00f6glichkeiten \u00fcber KorAP. In: Krome, Sabine\/Habermann, Mechthild\/Lobin, Henning\/W\u00f6llstein, Angelika (Hrsg.): Orthographie in Wissenschaft und Gesellschaft. Schriftsystem \u2013 Norm \u2013 Schreibgebrauch. (= Jahrbuch des Instituts f\u00fcr Deutsche Sprache 2023). Berlin\/Boston: de Gruyter, 2024. S. 329\u2013344.<\/p>\n\n\n\n<p>Gierke, Marco (2027): Was macht das Englische im deutschen Schriftsystem? Graphematische Zweifelsf\u00e4lle bei der Integration von Anglizismen. Ein Framework zur Analyse und Interpretation. (= amades. Arbeitspapiere und Materialien zur deutschen Sprache [Bd. X]). Mannheim: Institut f\u00fcr Deutsche Sprache. [in Vorbereitung]<\/p>\n\n\n\n<p>Gierke, Marco\/Lang, Christian\/Schneider, Roman (2024): Methoden und Perspektiven empirischer Schreibbeobachtung und Visualisierung. In: Krome, Sabine\/Habermann, Mechthild\/Lobin, Henning\/W\u00f6llstein, Angelika (Hrsg.): Orthographie in Wissenschaft und Gesellschaft. Schriftsystem \u2013 Norm \u2013 Schreibgebrauch. (= Jahrbuch des Instituts f\u00fcr Deutsche Sprache 2023). Berlin\/Boston: de Gruyter, 2024. S. 107\u2013132.<\/p>\n\n\n\n<p>Kohrt, Manfred (1987): Theoretische Aspekte der deutschen Orthographie. (= Reihe Germanistische Linguistik 70). T\u00fcbingen: Max Niemeyer.<\/p>\n\n\n\n<p>Kretzschmar, Franziska (2022): Grammatikforschung erlebbar machen \u2013 das IDS-Exponat \u201eWie wird Sprache untersucht?&#8220; auf Reisen mit der MS Wissenschaft. In: Sprachreport 2\/2022. Mannheim: Leibniz-Institut f\u00fcr Deutsche Sprache, 2022. S. 1\u201310.<\/p>\n\n\n\n<p>Kretzschmar, Franziska (2024): Orthografieforschung zum Mitmachen. Ergebnisse eines Citizen-Science-basierten Exponats zur Exploration sprachlicher Variation. In: Krome, Sabine\/Habermann, Mechthild\/Lobin, Henning\/W\u00f6llstein, Angelika (Hrsg.): Orthographie in Wissenschaft und Gesellschaft. Schriftsystem \u2013 Norm \u2013 Schreibgebrauch. (= Jahrbuch des Instituts f\u00fcr Deutsche Sprache 2023). Berlin\/Boston: de Gruyter, 2024. S. 357\u2013370.<\/p>\n\n\n\n<p>Krome, Sabine\/Gierke, Marco\/Adolphs, Leonie\/Hensler, Andrea\/Steinhauer, Anja (2024): Das Amtliche W\u00f6rterverzeichnis 2023. Barometer von Schreibgebrauch und Norm. In: Krome, Sabine\/Habermann, Mechthild\/Lobin, Henning\/W\u00f6llstein, Angelika (Hrsg.): Orthographie in Wissenschaft und Gesellschaft. Schriftsystem \u2013 Norm \u2013 Schreibgebrauch. (= Jahrbuch des Instituts f\u00fcr Deutsche Sprache 2023). Berlin\/Boston: de Gruyter, 2024.&nbsp;S. 371\u2013388.<\/p>\n\n\n\n<p>Lang, Christian\/Tu, Ngoc Duyen Tanja\/Gierke, Marco (under review): Orthographic Diversity in Large Language Models \u2013 a Case Study of Foreign Word Spelling in German.&nbsp;Eingereicht bei: WoLaLa. [unter Begutachtung]<\/p>\n\n\n\n<p>Rat f\u00fcr deutsche Rechtschreibung (2024): Amtliches Regelwerk der deutschen Rechtschreibung. Regeln und W\u00f6rterverzeichnis. Herausgegeben von der Gesch\u00e4ftsstelle des Rats f\u00fcr deutsche Rechtschreibung. Mannheim 2024. Online:&nbsp;<a href=\"https:\/\/www.rechtschreibrat.com\/regeln-und-woerterverzeichnis\/\">https:\/\/www.rechtschreibrat.com\/regeln-und-woerterverzeichnis\/<\/a><\/p>\n\n\n\n<p>Strunk, Hiltraud (2016): Einheitliche und einfache deutsche Orthografie. Die Geschichte einer (\u00fcber)nationalen Idee 1870 bis 1970. Hildesheim u. a.: Georg Olms.<\/p>\n\n\n\n<h2 class=\"wp-block-heading\">Intro<\/h2>\n\n\n\n<p>\u201eTech Talk\u201c von Jason Shaw<br><a href=\"https:\/\/freemusicarchive.org\/music\/Jason_Shaw\/Audionautix_Tech_Urban_Dance\/TU-TechTalk\">https:\/\/freemusicarchive.org\/music\/Jason_Shaw\/Audionautix_Tech_Urban_Dance\/TU-TechTalk<\/a><\/p>\n\n\n\n<h2 class=\"wp-block-heading\">Outro<\/h2>\n\n\n\n<p>&#8222;Lily King&#8220;, Album: Questionmark OST, Compositeur: A. D. Bubenhofer<\/p>\n\n\n\n<p><\/p>\n\n\n\n<figure class=\"wp-block-image size-large is-resized\"><a href=\"https:\/\/wissenschaftspodcasts.de\"><img loading=\"lazy\" decoding=\"async\" width=\"1024\" height=\"1024\" src=\"https:\/\/www.tuwort.com\/wp-content\/uploads\/2023\/05\/logo-wisspod-hell-1024x1024.png\" alt=\"\" class=\"wp-image-187\" style=\"width:109px;height:109px\" srcset=\"https:\/\/www.tuwort.com\/wp-content\/uploads\/2023\/05\/logo-wisspod-hell-1024x1024.png 1024w, https:\/\/www.tuwort.com\/wp-content\/uploads\/2023\/05\/logo-wisspod-hell-300x300.png 300w, https:\/\/www.tuwort.com\/wp-content\/uploads\/2023\/05\/logo-wisspod-hell-150x150.png 150w, https:\/\/www.tuwort.com\/wp-content\/uploads\/2023\/05\/logo-wisspod-hell-768x768.png 768w, https:\/\/www.tuwort.com\/wp-content\/uploads\/2023\/05\/logo-wisspod-hell-480x480.png 480w, https:\/\/www.tuwort.com\/wp-content\/uploads\/2023\/05\/logo-wisspod-hell-960x960.png 960w, https:\/\/www.tuwort.com\/wp-content\/uploads\/2023\/05\/logo-wisspod-hell.png 1057w\" sizes=\"auto, (max-width: 1024px) 100vw, 1024px\" \/><\/a><\/figure>\n\n\n\n<p><\/p>\n","protected":false},"author":1,"featured_media":111,"comment_status":"open","ping_status":"open","template":"","meta":{"footnotes":""},"tags":[7,57,112],"class_list":["post-422","podcast","type-podcast","status-publish","has-post-thumbnail","hentry","tag-gendergerechte-sprache","tag-kuenstliche-intelligenz","tag-rechtschreibung","post"],"_links":{"self":[{"href":"https:\/\/www.tuwort.com\/index.php\/wp-json\/wp\/v2\/episodes\/422","targetHints":{"allow":["GET"]}}],"collection":[{"href":"https:\/\/www.tuwort.com\/index.php\/wp-json\/wp\/v2\/episodes"}],"about":[{"href":"https:\/\/www.tuwort.com\/index.php\/wp-json\/wp\/v2\/types\/podcast"}],"author":[{"embeddable":true,"href":"https:\/\/www.tuwort.com\/index.php\/wp-json\/wp\/v2\/users\/1"}],"replies":[{"embeddable":true,"href":"https:\/\/www.tuwort.com\/index.php\/wp-json\/wp\/v2\/comments?post=422"}],"version-history":[{"count":1,"href":"https:\/\/www.tuwort.com\/index.php\/wp-json\/wp\/v2\/episodes\/422\/revisions"}],"predecessor-version":[{"id":424,"href":"https:\/\/www.tuwort.com\/index.php\/wp-json\/wp\/v2\/episodes\/422\/revisions\/424"}],"wp:featuredmedia":[{"embeddable":true,"href":"https:\/\/www.tuwort.com\/index.php\/wp-json\/wp\/v2\/media\/111"}],"wp:attachment":[{"href":"https:\/\/www.tuwort.com\/index.php\/wp-json\/wp\/v2\/media?parent=422"}],"wp:term":[{"taxonomy":"post_tag","embeddable":true,"href":"https:\/\/www.tuwort.com\/index.php\/wp-json\/wp\/v2\/tags?post=422"}],"curies":[{"name":"wp","href":"https:\/\/api.w.org\/{rel}","templated":true}]}}